{"id":9,"date":"2018-01-25T10:27:49","date_gmt":"2018-01-25T10:27:49","guid":{"rendered":"http:\/\/www.stefaniehofer.de\/?page_id=9"},"modified":"2025-11-18T09:50:31","modified_gmt":"2025-11-18T09:50:31","slug":"vita","status":"publish","type":"page","link":"https:\/\/www.stefaniehofer.de\/index.php\/vita\/","title":{"rendered":"CV \/ Ausstellungen"},"content":{"rendered":"\n<p>Schwerpunkt von Stefanie Hofers Arbeit sind die \u00e4sthetischen, soziologischen und \u00f6kologischen Aspekte gestalteter Landschaft.<br>Die K\u00fcnstlerin arbeitet haupts\u00e4chlich mit den Medien Druckgrafik und Zeichnung, sie lebt und arbeitet in M\u00fcnchen.<\/p>\n\n\n<table class=\" alignleft\" border=\"0\">\n<tbody>\n<tr>\n<td>*1974<\/td>\n<td>M\u00fcnchen<\/td>\n<\/tr>\n<\/tbody>\n<\/table>\n<p><strong>Ausbildung<\/strong><\/p>\n<table class=\" alignleft\" border=\"0\">\n<tbody>\n<tr>\n<td>2015<\/td>\n<td>Diplom mit Auszeichnung, Meistersch\u00fclerin, Prof. Karin Kneffel, Akademie der Bildenden K\u00fcnste M\u00fcnchen<\/td>\n<\/tr>\n<tr>\n<td>2009<\/td>\n<td>Staatsexamen, Prof. Albert Hien, Prof. Gerhard Merz, Akademie der Bildenden K\u00fcnste M\u00fcnchen<\/td>\n<\/tr>\n<tr>\n<td>1998<\/td>\n<td>Gesellenbrief, Berufsfachschule f\u00fcr das Holzbildhauerhandwerk M\u00fcnchen<\/td>\n<\/tr>\n<\/tbody>\n<\/table>\n<p><strong>Preise und Stipendien<\/strong><\/p>\n<table class=\" alignleft\" style=\"width: 100%; height: 440px;\" border=\"0\">\n<tbody>\n<tr>\n<td>2024<\/td>\n<td>Karl-Krug-Preis f\u00fcr Druckgrafik der Leipziger Grafikb\u00f6rse<\/td>\n<\/tr>\n<tr>\n<td>2024<\/td>\n<td>Stipendium der Aldegrever-Gesellschaft<\/td>\n<\/tr>\n<tr>\n<td>2022<\/td>\n<td>Zeit zu drucken 3, Aufenthaltsstipendium der Giesecke+Devrient Stiftung im Museum f\u00fcr Druckkunst, Leipzig<\/td>\n<\/tr>\n<tr>\n<td>2022<\/td>\n<td>Stipendium Neustart Kultur, Stiftung Kunstfonds<\/td>\n<\/tr>\n<tr>\n<td>2022<\/td>\n<td>Kulturf\u00f6rderung der LfA F\u00f6rderbank Bayern<\/td>\n<\/tr>\n<tr>\n<td>2020<\/td>\n<td>Joseph und Anna Fassbender-Preis der Stadt Br\u00fchl<\/td>\n<\/tr>\n<tr>\n<td>2020<\/td>\n<td>Atelierf\u00f6rderung der Landeshauptstadt M\u00fcnchen<\/td>\n<\/tr>\n<tr>\n<td>2018<\/td>\n<td>Kunstpreis der Stadt Wertingen<\/td>\n<\/tr>\n<tr>\n<td>2017<\/td>\n<td>Atelierf\u00f6rderung der Landeshauptstadt M\u00fcnchen<\/td>\n<\/tr>\n<tr>\n<td>2016<\/td>\n<td>Projektf\u00f6rderung der Erwin und Gisela von Steiner-Stiftung<\/td>\n<\/tr>\n<tr>\n<td>2015<\/td>\n<td>Projektf\u00f6rderung der GOLART-Stiftung<\/td>\n<\/tr>\n<tr>\n<td>2015<\/td>\n<td>Stipendium f\u00fcr Bildende Kunst der Landeshauptstadt M\u00fcnchen<\/td>\n<\/tr>\n<tr>\n<td>2015<\/td>\n<td>Preis der Erwin und Gisela von Steiner-Stiftung<\/td>\n<\/tr>\n<tr>\n<td>2013<\/td>\n<td>Druckgrafik-Preis der Leipziger Buchmesse<\/td>\n<\/tr>\n<tr>\n<td>2011<\/td>\n<td>Arbeitsstipendium im Frans Masereel Centrum Belgien<\/td>\n<\/tr>\n<tr style=\"height: 55px;\">\n<td style=\"height: 55px;\">2010\/11<\/td>\n<td style=\"height: 55px;\">Stipendium des Hochschul- und Wissenschaftsprogramms des Freistaates Bayern<\/td>\n<\/tr>\n<\/tbody>\n<\/table>\n<p><strong>Ausstellungen<\/strong><\/p>\n<table class=\" alignleft\" style=\"width: 100%;\" border=\"0\">\n<tbody>\n<tr>\n<td>2025<\/td>\n<td>Sch\u00f6ne Aussichten! \/ Museum Otto Sch\u00e4fer, Schweinfurt (E)<br \/>Durcharbeiten \/ Galerie Ping Rodach, M\u00fcnchen<br \/>Il faut cultiver notre jardin \u2013 Eine Reise in den Garten \/ Museum Villa Rot, Burgrieden-Rot<br \/>Scene and Scenery \/ Kunstverein Trier Junge Kunst, Trier (E)<br \/>Printed Matter \/ Galerie der K\u00fcnstler, M\u00fcnchen<br \/>\nHandpressendrucke Dresden 2025 \/ Symposium und Ausstellung, Grafikwerkstatt Dresden und Galerie Blaue Br\u00fccke, Dresden\n<\/td>\n<\/tr>\n<tr>\n<td>2024<\/td>\n<td>Spiel-R\u00e4ume \/ Leipziger Grafikb\u00f6rse, Museum f\u00fcr Druckkunst, Leipzig<br \/>Zwischen Berg und tiefem Tal \/ Galerie Ping Rodach, M\u00fcnchen (E)<br \/>20. Internationale Grafik-Triennale Frechen \/ Kunstverein zu Frechen<br \/>Cross View \/ Galerie Tobias Schrade, Ulm<br \/>250 Druckgrafiken f\u00fcr Caspar David Friedrich \/ St. Spiritus, Greifswald<\/td>\n<\/tr>\n<tr>\n<td>2023<\/td>\n<td>Zeit zu drucken \/ Museum f\u00fcr Druckkunst Leipzig<br \/>jung&amp;divers \/ Verein f\u00fcr Originalradierung M\u00fcnchen<br \/>Ge\u00f6ffnet, verschlossen \u2013 T\u00fcr und Tor in der bildenden Kunst \/ Stiftung BC pro arte, Biberach<br \/>Cross Over \/ Kunst- und Kulturforum Essing<br \/>Lithographs &amp; Etchings II \/ Edition Hoke, M\u00fcnchen<\/td>\n<\/tr>\n<tr>\n<td>2022<\/td>\n<td>Last Call First Call \/ kuratiert von Karin Kneffel, Galerie Lohaus Sominsky, M\u00fcnchen<br \/>Ausstellung zum Kahnweiler-Preis \/ Museum f\u00fcr Kunst, Rockenhausen<br \/>Paper Matters II \/ Galerie Boutwell Schabrowsky, M\u00fcnchen<br \/>You can have both silence and action \/ Sebastianskapelle Ulm (E)<br \/>As If \/ Kunstverein Eislingen<\/td>\n<\/tr>\n<tr>\n<td>2021<\/td>\n<td>Scene or Scenery? \/ Kunstverein Wolfenb\u00fcttel (E)<br \/>cling together swing together \/ Galerie Noah, Augsburg<br \/><span style=\"font-family: inherit; font-weight: inherit;\">Fragmente \/ Galerie Boutwell Schabrowsky, M\u00fcnchen (E)<br \/><\/span>Die ersten Jahre der Professionalit\u00e4t #40 \/ Galerie der K\u00fcnstler, M\u00fcnchen<br \/>Auf der Schwelle \/ St\u00e4dtische Galerie im Kulturforum Klosterkirche, Traunstein (E)<\/td>\n<\/tr>\n<tr>\n<td>2020<\/td>\n<td>Ausstellung zum Joseph und Anna Fassbender-Preis \/ Alte Schlosserei des Marienhospitals, Br\u00fchler Kunstverein, Br\u00fchl (E)<br \/>(Die Ausstellung entf\u00e4llt aufgrund der aktuellen Pandemie-Bestimmungen)<br \/><span style=\"font-family: inherit; font-weight: inherit;\">StrichCode \/ Lyonel-Feininger-Galerie \u2013 Museum f\u00fcr grafische K\u00fcnste Quedlinburg<br \/><\/span><span style=\"font-family: inherit; font-weight: inherit;\">5 Years \/ GiG Munich, M\u00fcnchen<br \/><\/span><span style=\"font-family: inherit; font-weight: inherit;\">Gebautes Land \/ Kronacher Kunstverein (E)<br \/><\/span><span style=\"font-family: inherit; font-weight: inherit;\">Paper Matters \/ Susan Boutwell Gallery, M\u00fcnchen<br \/><\/span><span style=\"font-family: inherit; font-weight: inherit;\">Tacker \/ Galerie der K\u00fcnstler, M\u00fcnchen<\/span><\/td>\n<\/tr>\n<tr>\n<td>2019<\/td>\n<td>Schwarz-wei\u00dfe Sachverhalte kann es in der Welt nicht geben \/ Kunstverein Celle (E)<br \/>Fingerzeig \/ Jahresgaben \/ Verein f\u00fcr Originalradierung M\u00fcnchen<br \/>M\u00fcnchner Meisterklasse \/ Kunstforum M\u00fcnchner Bank, M\u00fcnchen<br \/><span style=\"font-family: inherit;\">KollerNow \/ Koller Auktionen, M\u00fcnchen<\/span><span style=\"font-family: inherit;\"><br \/><\/span><span style=\"font-family: inherit;\">Gibt es das auch in Gelb? \/ St\u00e4dtische Galerie Markt Bruckm\u00fchl (E)<br \/><\/span><span style=\"font-family: inherit;\">In a Silent Way \/ Villa B\u00f6hm, Kunstverein Neustadt, Neustadt an der Weinstra\u00dfe<br \/><\/span><\/td>\n<\/tr>\n<tr>\n<td>2018<\/td>\n<td>Zwischen den K\u00fcnsten und der Natur \/ Susan Boutwell Gallery, M\u00fcnchen (E)<br \/><span style=\"font-family: inherit;\">Druckfrisch \/ Neue Galerie Landshut<br \/><\/span><span style=\"font-family: inherit;\">Gegenwart \/ Schloss Wertingen und St\u00e4dtische Galerie Wertingen<br \/><\/span><span style=\"font-family: inherit;\">Druckfrisch \/ Verein f\u00fcr Originalradierung M\u00fcnchen<br \/><\/span><span style=\"font-family: inherit;\">Beste Aussichten \/ Kloster Schlehdorf<\/span><\/td>\n<\/tr>\n<tr>\n<td>2017<\/td>\n<td>Jahresgaben \/ Kunstraum M\u00fcnchen<br \/>Who\u2019s Afraid of Black and White \/ Kunstverein Erlangen (E)<br \/>The Proof is in the Pudding \/ Galerie Noah, Augsburg<br \/>11e Biennale de Gravure de Li\u00e8ge \/ Mus\u00e9e La Boverie Li\u00e8ge, Belgien<br \/>Inorganic Landscape \/ GiG Munich, M\u00fcnchen<br \/>Faces &amp; Spaces \/ Galerie Filser und Gr\u00e4f, M\u00fcnchen<\/td>\n<\/tr>\n<tr>\n<td>2016<\/td>\n<td>Ausstellung zum Perron-Kunstpreis \/ Kunsthaus Frankenthal<br \/>Blickfang \/ Kunsthaus Kaufbeuren<br \/>Schatten wie T\u00f6ne \/ Helmholtz Zentrum M\u00fcnchen (E)<br \/>The Place is Not Important \/ Seidlvilla, M\u00fcnchen<br \/>Thema und Variationen \/ Verein f\u00fcr Originalradierung M\u00fcnchen<\/td>\n<\/tr>\n<tr>\n<td>2015<\/td>\n<td>Ausstellung zum Preis der Darmst\u00e4dter Sezession f\u00fcr junge Kunst, TU Darmstadt<br \/>Deb\u00fctanten \/ Akademie der Bildenden K\u00fcnste, M\u00fcnchen<br \/>Differenzen \/ Pasinger Fabrik, M\u00fcnchen<br \/>Die Zukunft ist nicht mehr, was sie einmal war \/ Altes Gef\u00e4ngnis, Freising<br \/>Beyond the Pale \/ Galerie Dina Renninger, M\u00fcnchen<\/td>\n<\/tr>\n<tr>\n<td>2014<\/td>\n<td>Hofer \u2013 Kern \u2013 Pagel \/ Galerie Christian Pixis, M\u00fcnchen<br \/>Licht und Schatten \/ \u00c4gyptisches Museum, M\u00fcnchen<br \/>Zitieren, variieren, modifizieren \u2013 das Zitat in Malerei, Zeichnung und Grafik, Ausstellung zum 28. Kunstpreis der Stiftung Kreissparkasse Esslingen-N\u00fcrtingen \/ Galerie der Kreissparkasse, Kirchheim unter Teck<\/td>\n<\/tr>\n<tr>\n<td>2013<\/td>\n<td>Das kleine Format \/ K\u00f6glturm, Kunstverein Aichach<br \/>Aus der Akademie \/ Galerie in Bewegung, Marstall Landshut<br \/><span style=\"font-family: inherit; font-weight: inherit;\">Ausstellung zum Druckgrafikpreis \/ Leipziger Buchmesse, Leipzig<\/span><\/td>\n<\/tr>\n<tr>\n<td>2012<\/td>\n<td>V. Ellwanger Kunstausstellung \/ Kunstverein Ellwangen<br \/>Underworld \/ Galerie f 5,6 und Dina4 Projekte, M\u00fcnchen<br \/>art KARLSRUHE mit e.a. muenchen, Karlsruhe<\/td>\n<\/tr>\n<tr>\n<td>2011<\/td>\n<td>Ausstellung zum Aichacher Kunstpreis \/ Kunstverein Aichach<br \/>Moment by Moment \/ Verein f\u00fcr Originalradierung M\u00fcnchen<\/td>\n<\/tr>\n<tr>\n<td>2010<\/td>\n<td>Sondereditionen \/ Verein f\u00fcr Originalradierung M\u00fcnchen<\/td>\n<\/tr>\n<tr>\n<td>2008<\/td>\n<td>Aquarelle \/ Galerie Zisko, M\u00fcnchen (E)<\/td>\n<\/tr>\n<tr>\n<td>2006<\/td>\n<td>Nachwuchs \u2013 Ausstellung zum Hermann-G\u00f6tz-Preis \/ K\u00fcnstlerhaus Marktoberdorf<\/td>\n<\/tr>\n<\/tbody>\n<\/table>","protected":false},"excerpt":{"rendered":"<p>Schwerpunkt von Stefanie Hofers Arbeit sind die \u00e4sthetischen, soziologischen und \u00f6kologischen Aspekte gestalteter Landschaft.Die K\u00fcnstlerin arbeitet haupts\u00e4chlich mit den Medien Druckgrafik und Zeichnung, sie lebt und arbeitet in M\u00fcnchen. *1974 M\u00fcnchen Ausbildung 2015 Diplom mit Auszeichnung, Meistersch\u00fclerin, Prof. Karin Kneffel, Akademie der Bildenden K\u00fcnste M\u00fcnchen 2009 Staatsexamen, Prof. Albert Hien, Prof. Gerhard Merz, Akademie der &hellip; <a href=\"https:\/\/www.stefaniehofer.de\/index.php\/vita\/\" class=\"more-link\">Continue reading<span class=\"screen-reader-text\"> &#8220;CV \/ Ausstellungen&#8221;<\/span><\/a><\/p>\n","protected":false},"author":1,"featured_media":0,"parent":0,"menu_order":0,"comment_status":"closed","ping_status":"closed","template":"","meta":{"footnotes":""},"class_list":["post-9","page","type-page","status-publish","hentry"],"_links":{"self":[{"href":"https:\/\/www.stefaniehofer.de\/index.php\/wp-json\/wp\/v2\/pages\/9","targetHints":{"allow":["GET"]}}],"collection":[{"href":"https:\/\/www.stefaniehofer.de\/index.php\/wp-json\/wp\/v2\/pages"}],"about":[{"href":"https:\/\/www.stefaniehofer.de\/index.php\/wp-json\/wp\/v2\/types\/page"}],"author":[{"embeddable":true,"href":"https:\/\/www.stefaniehofer.de\/index.php\/wp-json\/wp\/v2\/users\/1"}],"replies":[{"embeddable":true,"href":"https:\/\/www.stefaniehofer.de\/index.php\/wp-json\/wp\/v2\/comments?post=9"}],"version-history":[{"count":84,"href":"https:\/\/www.stefaniehofer.de\/index.php\/wp-json\/wp\/v2\/pages\/9\/revisions"}],"predecessor-version":[{"id":1148,"href":"https:\/\/www.stefaniehofer.de\/index.php\/wp-json\/wp\/v2\/pages\/9\/revisions\/1148"}],"wp:attachment":[{"href":"https:\/\/www.stefaniehofer.de\/index.php\/wp-json\/wp\/v2\/media?parent=9"}],"curies":[{"name":"wp","href":"https:\/\/api.w.org\/{rel}","templated":true}]}}